{"id":2057,"date":"2020-05-19T08:18:31","date_gmt":"2020-05-19T06:18:31","guid":{"rendered":"https:\/\/www.migratio.ch\/de\/?page_id=2"},"modified":"2026-07-24T14:19:01","modified_gmt":"2026-07-24T12:19:01","slug":"bienvenue-migratio","status":"publish","type":"page","link":"https:\/\/www.migratio.ch\/fr\/","title":{"rendered":""},"content":{"rendered":"<div class=\"carousel-container\">\n    \t\t\t\t<h2>Actualit\u00e9s<\/h2>\n    \t\t\t\t\t<div class=\"catcarousel1\">\n\t        \t<div>\n\t        \t\t<img decoding=\"async\" class=\"card-image\" src=\"https:\/\/www.migratio.ch\/fr\/wp-content\/uploads\/sites\/17\/2026\/07\/Tag-der-Migrantinnen-und-Migranten-Web.jpg\" >\n    \t\t\t\t<div class=\"card-body\">\n\t\t        \t\t<a class=\"btn btn-primary btn-rounded carousel-btn\" href=\"https:\/\/www.migratio.ch\/fr\/journee-des-personnes-migrantes-2026\/\">\n\t\t        \t\t\t<span>Journ\u00e9e des personnes migrantes 2026<\/span>\n\t\t        \t\t<\/a>\n\t\t        \t<\/div>\n\t\t\t    <\/div>\n\t        \t<div>\n\t        \t\t<img decoding=\"async\" class=\"card-image\" src=\"https:\/\/www.migratio.ch\/fr\/wp-content\/uploads\/sites\/17\/2026\/07\/Wallfahrt_25.jpg\" >\n    \t\t\t\t<div class=\"card-body\">\n\t\t        \t\t<a class=\"btn btn-primary btn-rounded carousel-btn\" href=\"https:\/\/www.migratio.ch\/fr\/futurs-coordinateurs-nationaux\/\">\n\t\t        \t\t\t<span>Futurs coordinateurs nationaux<\/span>\n\t\t        \t\t<\/a>\n\t\t        \t<\/div>\n\t\t\t    <\/div>\n\t        \t<div>\n\t        \t\t<img decoding=\"async\" class=\"card-image\" src=\"https:\/\/www.migratio.ch\/fr\/wp-content\/uploads\/sites\/17\/2026\/07\/Isabel.jpg\" >\n    \t\t\t\t<div class=\"card-body\">\n\t\t        \t\t<a class=\"btn btn-primary btn-rounded carousel-btn\" href=\"https:\/\/www.migratio.ch\/fr\/la-dignite-humaine-ne-doit-pas-dependre-des-frontieres-politiques\/\">\n\t\t        \t\t\t<span>\u00ab La dignit\u00e9 humaine ne doit pas d\u00e9pendre des fronti\u00e8res politiques \u00bb<\/span>\n\t\t        \t\t<\/a>\n\t\t        \t<\/div>\n\t\t\t    <\/div>\n\t        \t<div>\n\t        \t\t<img decoding=\"async\" class=\"card-image\" src=\"https:\/\/www.migratio.ch\/fr\/wp-content\/uploads\/sites\/17\/2026\/01\/Jubilate.jpg\" >\n    \t\t\t\t<div class=\"card-body\">\n\t\t        \t\t<a class=\"btn btn-primary btn-rounded carousel-btn\" href=\"https:\/\/www.migratio.ch\/fr\/jubilate-commission-multilinguisme\/\">\n\t\t        \t\t\t<span>Jubilate: Commission multilinguisme<\/span>\n\t\t        \t\t<\/a>\n\t\t        \t<\/div>\n\t\t\t    <\/div>\n\t        \t<div>\n\t        \t\t<img decoding=\"async\" class=\"card-image\" src=\"https:\/\/www.migratio.ch\/fr\/wp-content\/uploads\/sites\/17\/2025\/10\/Migratio_Rom2025_2.jpg\" >\n    \t\t\t\t<div class=\"card-body\">\n\t\t        \t\t<a class=\"btn btn-primary btn-rounded carousel-btn\" href=\"https:\/\/www.migratio.ch\/fr\/lanniversaire-des-migrants\/\">\n\t\t        \t\t\t<span>L\u2019anniversaire des migrants<\/span>\n\t\t        \t\t<\/a>\n\t\t        \t<\/div>\n\t\t\t    <\/div>\n\t        \t<div>\n\t        \t\t<img decoding=\"async\" class=\"card-image\" src=\"https:\/\/www.migratio.ch\/fr\/wp-content\/uploads\/sites\/17\/2025\/02\/Logo-LI.jpg\" >\n    \t\t\t\t<div class=\"card-body\">\n\t\t        \t\t<a class=\"btn btn-primary btn-rounded carousel-btn\" href=\"https:\/\/www.migratio.ch\/fr\/intercessions-en-plusieurs-langues\/\">\n\t\t        \t\t\t<span>Intercessions en plusieurs langues<\/span>\n\t\t        \t\t<\/a>\n\t\t        \t<\/div>\n\t\t\t    <\/div><\/div><\/div><script>\n\t    \t\t\tjQuery(document).ready(function($){\n\t\t\t\t\t\t$(\".catcarousel1\").slick({\n\t\t\t\t\t\t\tdots: true,\n\t\t\t\t\t\t\tinfinite: true,\n\t\t\t\t\t\t\tarrows: true,\n\t\t\t\t\t\t\tslidesToShow: 3,\n\t\t\t\t\t\t\tslidesToScroll: 3,\n\t\t\t\t\t\t});\n\t\t\t\t\t});\n    \t\t<\/script>\n\n\n\n<div style=\"height:20px\" aria-hidden=\"true\" class=\"wp-block-spacer\"><\/div>\n\n\n\n<div class=\"wp-block-columns is-layout-flex wp-container-core-columns-is-layout-8f761849 wp-block-columns-is-layout-flex\">\n<div class=\"wp-block-column is-layout-flow wp-block-column-is-layout-flow\" style=\"flex-basis:25%\"><\/div>\n\n\n\n<div class=\"wp-block-column is-layout-flow wp-block-column-is-layout-flow\" style=\"flex-basis:50%\">\n<hr class=\"wp-block-separator has-alpha-channel-opacity\" \/>\n<\/div>\n\n\n\n<div class=\"wp-block-column is-layout-flow wp-block-column-is-layout-flow\" style=\"flex-basis:25%\"><\/div>\n<\/div>\n\n\n\n<div class=\"wp-block-group\"><div class=\"wp-block-group__inner-container is-layout-flow wp-block-group-is-layout-flow\">\n<div class=\"wp-block-columns is-layout-flex wp-container-core-columns-is-layout-8f761849 wp-block-columns-is-layout-flex\">\n<div class=\"wp-block-column is-layout-flow wp-block-column-is-layout-flow\">\n<figure class=\"wp-block-image size-full\"><img loading=\"lazy\" decoding=\"async\" width=\"907\" height=\"510\" src=\"https:\/\/www.migratio.ch\/fr\/wp-content\/uploads\/sites\/17\/2021\/01\/Pastoralweg-idee.jpg\" alt=\"\" class=\"wp-image-1765\" srcset=\"https:\/\/www.migratio.ch\/fr\/wp-content\/uploads\/sites\/17\/2021\/01\/Pastoralweg-idee.jpg 907w, https:\/\/www.migratio.ch\/fr\/wp-content\/uploads\/sites\/17\/2021\/01\/Pastoralweg-idee-300x169.jpg 300w, https:\/\/www.migratio.ch\/fr\/wp-content\/uploads\/sites\/17\/2021\/01\/Pastoralweg-idee-768x432.jpg 768w\" sizes=\"auto, (max-width: 907px) 100vw, 907px\" \/><\/figure>\n\n\n\n<p class=\"has-medium-font-size wp-block-paragraph\"><strong><a href=\"https:\/\/www.migratio.ch\/fr\/pastorale-migrantes-migrants\/\" data-type=\"page\" data-id=\"434\">Pastorale des migrant.e.s<\/a><\/strong><\/p>\n\n\n\n<hr class=\"wp-block-separator has-alpha-channel-opacity\" \/>\n\n\n\n<figure class=\"wp-block-image size-full\"><img loading=\"lazy\" decoding=\"async\" width=\"907\" height=\"510\" src=\"https:\/\/www.migratio.ch\/fr\/wp-content\/uploads\/sites\/17\/2025\/01\/Sprachen-Visual-2.jpg\" alt=\"\" class=\"wp-image-3064\" srcset=\"https:\/\/www.migratio.ch\/fr\/wp-content\/uploads\/sites\/17\/2025\/01\/Sprachen-Visual-2.jpg 907w, https:\/\/www.migratio.ch\/fr\/wp-content\/uploads\/sites\/17\/2025\/01\/Sprachen-Visual-2-300x169.jpg 300w, https:\/\/www.migratio.ch\/fr\/wp-content\/uploads\/sites\/17\/2025\/01\/Sprachen-Visual-2-768x432.jpg 768w\" sizes=\"auto, (max-width: 907px) 100vw, 907px\" \/><\/figure>\n\n\n\n<p class=\"has-medium-font-size wp-block-paragraph\"><a href=\"https:\/\/www.migratio.ch\/fr\/journee-des-personnes-migrantes\/\"><\/a><strong><a href=\"https:\/\/www.migratio.ch\/fr\/journee-des-personnes-migrantes\/\">Journ\u00e9e des migrant.e.s<\/a><\/strong><\/p>\n<\/div>\n\n\n\n<div class=\"wp-block-column is-layout-flow wp-block-column-is-layout-flow\">\n<figure class=\"wp-block-image size-full\"><img loading=\"lazy\" decoding=\"async\" width=\"907\" height=\"510\" src=\"https:\/\/www.migratio.ch\/fr\/wp-content\/uploads\/sites\/17\/2021\/01\/migratio-Brosch-neu.jpg\" alt=\"Gesamtkonzept Migrationspastoral\" class=\"wp-image-1764\" srcset=\"https:\/\/www.migratio.ch\/fr\/wp-content\/uploads\/sites\/17\/2021\/01\/migratio-Brosch-neu.jpg 907w, https:\/\/www.migratio.ch\/fr\/wp-content\/uploads\/sites\/17\/2021\/01\/migratio-Brosch-neu-300x169.jpg 300w, https:\/\/www.migratio.ch\/fr\/wp-content\/uploads\/sites\/17\/2021\/01\/migratio-Brosch-neu-768x432.jpg 768w\" sizes=\"auto, (max-width: 907px) 100vw, 907px\" \/><\/figure>\n\n\n\n<p class=\"has-medium-font-size wp-block-paragraph\"><a href=\"https:\/\/www.migratio.ch\/fr\/concept-global\/\" data-type=\"page\" data-id=\"2641\"><strong>Concept global<\/strong><\/a><\/p>\n\n\n\n<hr class=\"wp-block-separator has-alpha-channel-opacity\" \/>\n\n\n\n<figure class=\"wp-block-image size-full\"><img loading=\"lazy\" decoding=\"async\" width=\"907\" height=\"510\" src=\"https:\/\/www.migratio.ch\/fr\/wp-content\/uploads\/sites\/17\/2025\/01\/Logo-PC-web.jpg\" alt=\"\" class=\"wp-image-3065\" srcset=\"https:\/\/www.migratio.ch\/fr\/wp-content\/uploads\/sites\/17\/2025\/01\/Logo-PC-web.jpg 907w, https:\/\/www.migratio.ch\/fr\/wp-content\/uploads\/sites\/17\/2025\/01\/Logo-PC-web-300x169.jpg 300w, https:\/\/www.migratio.ch\/fr\/wp-content\/uploads\/sites\/17\/2025\/01\/Logo-PC-web-768x432.jpg 768w\" sizes=\"auto, (max-width: 907px) 100vw, 907px\" \/><\/figure>\n\n\n\n<p class=\"has-medium-font-size wp-block-paragraph\"><strong><a href=\"https:\/\/www.migratio.ch\/fr\/pastorale-migrantes-migrants\/pastorale-centres-asile\/\" data-type=\"page\" data-id=\"1107\">La pastorale dans les centres f\u00e9d\u00e9raux d\u2019asile<\/a><\/strong><\/p>\n<\/div>\n<\/div>\n<\/div><\/div>\n\n\n\n<div class=\"wp-block-group\"><div class=\"wp-block-group__inner-container is-layout-flow wp-block-group-is-layout-flow\"><\/div><\/div>\n\n\n\n<div style=\"height:40px\" aria-hidden=\"true\" class=\"wp-block-spacer\"><\/div>\n\n\n\n<p class=\"wp-block-paragraph\"><\/p>\n","protected":false},"excerpt":{"rendered":"<p>Pastorale des migrant.e.s Journ\u00e9e des migrant.e.s Concept global La pastorale dans les centres f\u00e9d\u00e9raux d\u2019asile<\/p>\n","protected":false},"author":3,"featured_media":0,"parent":0,"menu_order":0,"comment_status":"closed","ping_status":"closed","template":"","meta":{"footnotes":""},"class_list":["post-2057","page","type-page","status-publish","hentry"],"_links":{"self":[{"href":"https:\/\/www.migratio.ch\/fr\/wp-json\/wp\/v2\/pages\/2057","targetHints":{"allow":["GET"]}}],"collection":[{"href":"https:\/\/www.migratio.ch\/fr\/wp-json\/wp\/v2\/pages"}],"about":[{"href":"https:\/\/www.migratio.ch\/fr\/wp-json\/wp\/v2\/types\/page"}],"author":[{"embeddable":true,"href":"https:\/\/www.migratio.ch\/fr\/wp-json\/wp\/v2\/users\/3"}],"replies":[{"embeddable":true,"href":"https:\/\/www.migratio.ch\/fr\/wp-json\/wp\/v2\/comments?post=2057"}],"version-history":[{"count":13,"href":"https:\/\/www.migratio.ch\/fr\/wp-json\/wp\/v2\/pages\/2057\/revisions"}],"predecessor-version":[{"id":3311,"href":"https:\/\/www.migratio.ch\/fr\/wp-json\/wp\/v2\/pages\/2057\/revisions\/3311"}],"wp:attachment":[{"href":"https:\/\/www.migratio.ch\/fr\/wp-json\/wp\/v2\/media?parent=2057"}],"curies":[{"name":"wp","href":"https:\/\/api.w.org\/{rel}","templated":true}]}}